{"id":558,"date":"2019-11-10T10:30:04","date_gmt":"2019-11-10T10:30:04","guid":{"rendered":"https:\/\/www.levendula-vendeghaz.hu\/?page_id=558"},"modified":"2019-11-26T23:52:15","modified_gmt":"2019-11-26T22:52:15","slug":"lovas-and-the-region","status":"publish","type":"page","link":"https:\/\/www.levendula-vendeghaz.hu\/en\/lovas-and-the-region\/","title":{"rendered":"Lovas And The Region"},"content":{"rendered":"<p><a href=\"http:\/\/www.lovas.hu\" target=\"_blank\" rel=\"noopener noreferrer\">Lovas<\/a> k\u00f6zs\u00e9g a Balaton-felvid\u00e9k egyik gy\u00f6ngyszeme, a Balaton \u00e9szaki partj\u00e1n, a Kir\u00e1lyk\u00fat v\u00f6lgy\u00e9nek kapuj\u00e1ban fekszik. Lovas k\u00f6zvetlen szomsz\u00e9djai: <a href=\"http:\/\/www.paloznak.hu\">Paloznak<\/a>, <a href=\"http:\/\/www.felsoors.hu\" target=\"_blank\" rel=\"noopener noreferrer\">Fels\u0151\u00f6rs <\/a>\u00e9s <a href=\"http:\/\/www.alsoors.hu\" target=\"_blank\" rel=\"noopener noreferrer\">Als\u00f3\u00f6rs<\/a>. <a href=\"http:\/\/veszprem.hu\" target=\"_blank\" rel=\"noopener noreferrer\">Veszpr\u00e9m 14 km, <\/a>\u00a0<a href=\"http:\/\/balatonfured.hu\" target=\"_blank\" rel=\"noopener noreferrer\">Balatonf\u00fcred 8 km,\u00a0<\/a> <a href=\"http:\/\/balatonalmadi.hu\" target=\"_blank\" rel=\"noopener noreferrer\">Balatonalm\u00e1di 7 km <\/a>, <a href=\"http:\/\/tihany.hu\" target=\"_blank\" rel=\"noopener noreferrer\">Tihany 15 km.<\/a><\/p>\n<p>Nyugaton az \u00d6reghegy \u00e9s a Kishegy sz\u0151l\u0151skertjei \u00f6vezik. A k\u00e9t hegy k\u00f6z\u00f6tt folyik a S\u00e9d, amelynek vize \u00e9vsz\u00e1zadokon kereszt\u00fcl t\u00f6bb malomnak ny\u00fajtott energi\u00e1t. Ezt a r\u00e9szt ma is Malomv\u00f6lgynek nevezik.<\/p>\n<p><img loading=\"lazy\" decoding=\"async\" class=\"img-fluid aligncenter wp-image-615 size-large\" src=\"https:\/\/www.levendula-vendeghaz.hu\/files\/lovas_milleniumi-park_1-1024x263.png\" alt=\"\" width=\"1024\" height=\"263\" srcset=\"https:\/\/www.levendula-vendeghaz.hu\/files\/lovas_milleniumi-park_1-1024x263.png 1024w, https:\/\/www.levendula-vendeghaz.hu\/files\/lovas_milleniumi-park_1-300x77.png 300w, https:\/\/www.levendula-vendeghaz.hu\/files\/lovas_milleniumi-park_1.png 1500w\" sizes=\"auto, (max-width: 1024px) 100vw, 1024px\" \/><\/p>\n<p>A Balaton \u00e9szaki partja \u00e9s felvid\u00e9ke kiv\u00e1l\u00f3 lehet\u0151s\u00e9get biztos\u00edt az akt\u00edv kikapcsol\u00f3d\u00e1sra v\u00e1gy\u00f3 vend\u00e9geinknek. Sz\u00e1mtalan lehet\u0151s\u00e9g k\u00f6z\u00fcl v\u00e1laszthatnak, akik gyalogosan vagy ker\u00e9kp\u00e1ron szeretn\u00e9nek t\u00far\u00e1zni. Mondhatjuk, hogy egyed\u00fcl\u00e1ll\u00f3 \u00e9lm\u00e9ny naps\u00fct\u00e9ses id\u0151ben, a Balaton-felvid\u00e9ki falucsk\u00e1kon \u00e1thaladva a<b> csod\u00e1latos balatoni panor\u00e1m\u00e1t<\/b> k\u00e9mlelni. Ny\u00e1ron a v\u00f6r\u00f6sen izz\u00f3 naplement\u00e9t csod\u00e1lni, vagy az \u0151szi lombhull\u00e1s, sz\u00fcret idej\u00e9n hangulatos pinc\u00e9k k\u00f6z\u00f6tt haladni. A k\u00f6rny\u00e9k gazdag term\u00e9szeti \u00e9s \u00e9p\u00edt\u00e9szeti \u00f6r\u00f6ks\u00e9geinek felfedez\u00e9se sz\u00e1mos programot rejt. Az akt\u00edv kikapcsol\u00f3d\u00e1sra v\u00e1gy\u00f3 vend\u00e9geinknek sz\u00edvesen seg\u00edt\u00fcnk inform\u00e1ci\u00f3kkal, \u00f6tletekkel.<\/p>\n<p><img loading=\"lazy\" decoding=\"async\" class=\"img-fluid aligncenter wp-image-617 size-medium\" src=\"https:\/\/www.levendula-vendeghaz.hu\/files\/mandulafa-viraga-300x225.jpg\" alt=\"\" width=\"300\" height=\"225\" srcset=\"https:\/\/www.levendula-vendeghaz.hu\/files\/mandulafa-viraga-300x225.jpg 300w, https:\/\/www.levendula-vendeghaz.hu\/files\/mandulafa-viraga-1024x768.jpg 1024w, https:\/\/www.levendula-vendeghaz.hu\/files\/mandulafa-viraga-1536x1152.jpg 1536w, https:\/\/www.levendula-vendeghaz.hu\/files\/mandulafa-viraga.jpg 1600w\" sizes=\"auto, (max-width: 300px) 100vw, 300px\" \/><\/p>\n<p>T\u00e9rs\u00e9g\u00fcnkben k\u00fcl\u00f6nleges esem\u00e9ny a <b>mandulavir\u00e1gz\u00e1s, bevallom, szem\u00e9lyes kedvencem<\/b>. Bencze Istv\u00e1n gy\u00f6ny\u00f6r\u0171 le\u00edr\u00e1sa tudja visszaadni mit is jelent: &#8220;Ha kibomlik az els\u0151 vir\u00e1g, tudjuk, hogy nemsok\u00e1ra itt a tavasz. Egy h\u00e9t eltelt\u00e9vel pedig hatalmasat robban a term\u00e9szet, a sz\u00fcrke, dermedt, \u00e9lettelen febru\u00e1rb\u00f3l egyszerre borul vir\u00e1gba minden mandulafa a hegyen. A mandula a legels\u0151 fa, ami vir\u00e1gba borul n\u00e1lunk. A legb\u00e1trabb, mely dacol a m\u00e1rciusi h\u00f3val, fagyokkal, gyakorlatilag vele egyszerre \u00e9brednek fel a m\u00e9hek is, melyeket el\u0151tte nem igaz\u00e1n l\u00e1tni. Megfigyeltem egy kett\u0151ss\u00e9get a mandulaf\u00e1ban, amit egyel\u0151re nem tudok megfejteni. K\u00e9rge torz, csavarod\u00f3, durva \u00e9s g\u00f6cs\u00f6rt\u00f6s. Ha rendszeresen nem metssz\u00fck, \u00e9s \u00e1ltal\u00e1ban nem szoktuk, s\u0171r\u0171, apr\u00f3, \u00f6sszevissza \u00e1gai n\u0151nek, melyek t\u00e1vols\u00e1gtart\u00e1sra k\u00e9sztetik az embert. Nem olyan, mint egy almafa, amire k\u00f6nnyed\u00e9n felm\u00e1szunk. Kiz\u00f6ld\u00fclve is viszonylag jellegtelen, levelei v\u00e9konyak \u00e9s unalmasak. Amikor viszont vir\u00e1gba borul, ez a k\u00e9p teljesen megv\u00e1ltozik. T\u00f6r\u00e9keny, apr\u00f3 vir\u00e1gaival n\u00e9h\u00e1ny h\u00e9tre l\u00e9gies \u00e9s eleg\u00e1ns ruh\u00e1ba \u00f6lt\u00f6zik. A vir\u00e1gok k\u00fclleme \u00e9s neutr\u00e1lis illata is rendk\u00edv\u00fcl kifinomult, melyet csak nagyobb t\u00f6megben, a vir\u00e1gz\u00e1s cs\u00facs\u00e1n lehet igaz\u00e1n \u00e9rezni. Var\u00e1zslatos \u00e9lm\u00e9ny l\u00e1tni a vir\u00e1gz\u00e1s v\u00e9ge fel\u00e9, ahogy a szirmok hangtalanul lehullanak, kavarognak a tavaszi sz\u00e9lben \u00e9s k\u00f6zben \u00e1ts\u00fcti \u0151ket a napf\u00e9ny. Neh\u00e9z elk\u00e9pzelni megfelel\u0151bb pillanatot arra, hogy igaz\u00e1n megfigyelj\u00fck ezeket a term\u00e9szetben rejl\u0151 apr\u00f3 harm\u00f3niaelemeket. \u00c9rdekes belegondolni, hogy mi az ezekben, ami leny\u0171g\u00f6z benn\u00fcnket, mi\u00e9rt \u00e9s hogyan ismerj\u00fck fel ezeket a harm\u00f3ni\u00e1kat? Honnan sz\u00e1rmazhat ez a tud\u00e1sunk?&#8221;<\/p>\n","protected":false},"excerpt":{"rendered":"<p>Lovas k\u00f6zs\u00e9g a Balaton-felvid\u00e9k egyik gy\u00f6ngyszeme, a Balaton \u00e9szaki partj\u00e1n, a Kir\u00e1lyk\u00fat v\u00f6lgy\u00e9nek kapuj\u00e1ban fekszik. Lovas k\u00f6zvetlen szomsz\u00e9djai: Paloznak, Fels\u0151\u00f6rs \u00e9s Als\u00f3\u00f6rs. Veszpr\u00e9m 14 km, \u00a0Balatonf\u00fcred 8 km,\u00a0 Balatonalm\u00e1di 7 km , Tihany 15 km. Nyugaton az \u00d6reghegy \u00e9s a Kishegy sz\u0151l\u0151skertjei \u00f6vezik. A k\u00e9t hegy k\u00f6z\u00f6tt folyik a S\u00e9d, amelynek vize \u00e9vsz\u00e1zadokon kereszt\u00fcl t\u00f6bb <a href=\"https:\/\/www.levendula-vendeghaz.hu\/en\/lovas-and-the-region\/\" class=\"more-link\">&#8230;<\/a><\/p>\n","protected":false},"author":2,"featured_media":0,"parent":0,"menu_order":0,"comment_status":"closed","ping_status":"closed","template":"","meta":{"footnotes":""},"class_list":["post-558","page","type-page","status-publish","hentry"],"yoast_head":"<!-- This site is optimized with the Yoast SEO plugin v26.7 - https:\/\/yoast.com\/wordpress\/plugins\/seo\/ -->\n<title>Lovas And The Region &#187; Levendula Vend\u00e9gh\u00e1z Lovas &#187; Balatoni nyugalom, t\u00f6lt\u0151d\u00e9s<\/title>\n<meta name=\"description\" content=\"Vannak otthonok, ahov\u00e1, ha bel\u00e9p az idegen, az a k\u00fcl\u00f6n\u00f6s \u00e9rzete t\u00e1mad, mintha haza\u00e9rkezett volna. \u00d6sszhangban a term\u00e9szettel.\" \/>\n<meta name=\"robots\" content=\"index, follow, max-snippet:-1, max-image-preview:large, max-video-preview:-1\" \/>\n<link rel=\"canonical\" href=\"https:\/\/www.levendula-vendeghaz.hu\/en\/lovas-and-the-region\/\" \/>\n<meta property=\"og:locale\" content=\"en_US\" \/>\n<meta property=\"og:type\" content=\"article\" \/>\n<meta property=\"og:title\" content=\"Lovas And The Region &#187; Levendula Vend\u00e9gh\u00e1z Lovas &#187; Balatoni nyugalom, t\u00f6lt\u0151d\u00e9s\" \/>\n<meta property=\"og:description\" content=\"Vannak otthonok, ahov\u00e1, ha bel\u00e9p az idegen, az a k\u00fcl\u00f6n\u00f6s \u00e9rzete t\u00e1mad, mintha haza\u00e9rkezett volna. \u00d6sszhangban a term\u00e9szettel.\" \/>\n<meta property=\"og:url\" content=\"https:\/\/www.levendula-vendeghaz.hu\/en\/lovas-and-the-region\/\" \/>\n<meta property=\"og:site_name\" content=\"Levendula Vend\u00e9gh\u00e1z Lovas\" \/>\n<meta property=\"article:publisher\" content=\"https:\/\/www.facebook.com\/levendulavendeghazlovas\/\" \/>\n<meta property=\"article:modified_time\" content=\"2019-11-26T22:52:15+00:00\" \/>\n<meta property=\"og:image\" content=\"https:\/\/www.levendula-vendeghaz.hu\/files\/lovas_milleniumi-park_1-1024x263.png\" \/>\n<meta name=\"twitter:card\" content=\"summary_large_image\" \/>\n<meta name=\"twitter:label1\" content=\"Est. reading time\" \/>\n\t<meta name=\"twitter:data1\" content=\"3 minutes\" \/>\n<script type=\"application\/ld+json\" class=\"yoast-schema-graph\">{\"@context\":\"https:\/\/schema.org\",\"@graph\":[{\"@type\":\"WebPage\",\"@id\":\"https:\/\/www.levendula-vendeghaz.hu\/en\/lovas-and-the-region\/\",\"url\":\"https:\/\/www.levendula-vendeghaz.hu\/en\/lovas-and-the-region\/\",\"name\":\"Lovas And The Region &#187; Levendula Vend\u00e9gh\u00e1z Lovas &#187; Balatoni nyugalom, t\u00f6lt\u0151d\u00e9s\",\"isPartOf\":{\"@id\":\"https:\/\/www.levendula-vendeghaz.hu\/en\/#website\"},\"primaryImageOfPage\":{\"@id\":\"https:\/\/www.levendula-vendeghaz.hu\/en\/lovas-and-the-region\/#primaryimage\"},\"image\":{\"@id\":\"https:\/\/www.levendula-vendeghaz.hu\/en\/lovas-and-the-region\/#primaryimage\"},\"thumbnailUrl\":\"https:\/\/www.levendula-vendeghaz.hu\/files\/lovas_milleniumi-park_1-1024x263.png\",\"datePublished\":\"2019-11-10T10:30:04+00:00\",\"dateModified\":\"2019-11-26T22:52:15+00:00\",\"description\":\"Vannak otthonok, ahov\u00e1, ha bel\u00e9p az idegen, az a k\u00fcl\u00f6n\u00f6s \u00e9rzete t\u00e1mad, mintha haza\u00e9rkezett volna. \u00d6sszhangban a term\u00e9szettel.\",\"breadcrumb\":{\"@id\":\"https:\/\/www.levendula-vendeghaz.hu\/en\/lovas-and-the-region\/#breadcrumb\"},\"inLanguage\":\"en-US\",\"potentialAction\":[{\"@type\":\"ReadAction\",\"target\":[\"https:\/\/www.levendula-vendeghaz.hu\/en\/lovas-and-the-region\/\"]}]},{\"@type\":\"ImageObject\",\"inLanguage\":\"en-US\",\"@id\":\"https:\/\/www.levendula-vendeghaz.hu\/en\/lovas-and-the-region\/#primaryimage\",\"url\":\"https:\/\/www.levendula-vendeghaz.hu\/files\/lovas_milleniumi-park_1-1024x263.png\",\"contentUrl\":\"https:\/\/www.levendula-vendeghaz.hu\/files\/lovas_milleniumi-park_1-1024x263.png\"},{\"@type\":\"BreadcrumbList\",\"@id\":\"https:\/\/www.levendula-vendeghaz.hu\/en\/lovas-and-the-region\/#breadcrumb\",\"itemListElement\":[{\"@type\":\"ListItem\",\"position\":1,\"name\":\"Home\",\"item\":\"https:\/\/www.levendula-vendeghaz.hu\/en\/\"},{\"@type\":\"ListItem\",\"position\":2,\"name\":\"Lovas And The Region\"}]},{\"@type\":\"WebSite\",\"@id\":\"https:\/\/www.levendula-vendeghaz.hu\/en\/#website\",\"url\":\"https:\/\/www.levendula-vendeghaz.hu\/en\/\",\"name\":\"Levendula Vend\u00e9gh\u00e1z Lovas\",\"description\":\"Vannak otthonok, ahov\u00e1, ha bel\u00e9p az idegen, az a k\u00fcl\u00f6n\u00f6s \u00e9rzete t\u00e1mad, mintha haza\u00e9rkezett volna. \u00d6sszhangban a term\u00e9szettel.\",\"publisher\":{\"@id\":\"https:\/\/www.levendula-vendeghaz.hu\/en\/#organization\"},\"potentialAction\":[{\"@type\":\"SearchAction\",\"target\":{\"@type\":\"EntryPoint\",\"urlTemplate\":\"https:\/\/www.levendula-vendeghaz.hu\/en\/?s={search_term_string}\"},\"query-input\":{\"@type\":\"PropertyValueSpecification\",\"valueRequired\":true,\"valueName\":\"search_term_string\"}}],\"inLanguage\":\"en-US\"},{\"@type\":\"Organization\",\"@id\":\"https:\/\/www.levendula-vendeghaz.hu\/en\/#organization\",\"name\":\"Levendula Vend\u00e9gh\u00e1z Lovas\",\"url\":\"https:\/\/www.levendula-vendeghaz.hu\/en\/\",\"logo\":{\"@type\":\"ImageObject\",\"inLanguage\":\"en-US\",\"@id\":\"https:\/\/www.levendula-vendeghaz.hu\/en\/#\/schema\/logo\/image\/\",\"url\":\"https:\/\/www.levendula-vendeghaz.hu\/files\/levendula_vendeghaz_logo.png\",\"contentUrl\":\"https:\/\/www.levendula-vendeghaz.hu\/files\/levendula_vendeghaz_logo.png\",\"width\":259,\"height\":97,\"caption\":\"Levendula Vend\u00e9gh\u00e1z Lovas\"},\"image\":{\"@id\":\"https:\/\/www.levendula-vendeghaz.hu\/en\/#\/schema\/logo\/image\/\"},\"sameAs\":[\"https:\/\/www.facebook.com\/levendulavendeghazlovas\/\",\"https:\/\/www.instagram.com\/levendulavendeghazlovas\/\"]}]}<\/script>\n<!-- \/ Yoast SEO plugin. -->","yoast_head_json":{"title":"Lovas And The Region &#187; Levendula Vend\u00e9gh\u00e1z Lovas &#187; Balatoni nyugalom, t\u00f6lt\u0151d\u00e9s","description":"Vannak otthonok, ahov\u00e1, ha bel\u00e9p az idegen, az a k\u00fcl\u00f6n\u00f6s \u00e9rzete t\u00e1mad, mintha haza\u00e9rkezett volna. \u00d6sszhangban a term\u00e9szettel.","robots":{"index":"index","follow":"follow","max-snippet":"max-snippet:-1","max-image-preview":"max-image-preview:large","max-video-preview":"max-video-preview:-1"},"canonical":"https:\/\/www.levendula-vendeghaz.hu\/en\/lovas-and-the-region\/","og_locale":"en_US","og_type":"article","og_title":"Lovas And The Region &#187; Levendula Vend\u00e9gh\u00e1z Lovas &#187; Balatoni nyugalom, t\u00f6lt\u0151d\u00e9s","og_description":"Vannak otthonok, ahov\u00e1, ha bel\u00e9p az idegen, az a k\u00fcl\u00f6n\u00f6s \u00e9rzete t\u00e1mad, mintha haza\u00e9rkezett volna. \u00d6sszhangban a term\u00e9szettel.","og_url":"https:\/\/www.levendula-vendeghaz.hu\/en\/lovas-and-the-region\/","og_site_name":"Levendula Vend\u00e9gh\u00e1z Lovas","article_publisher":"https:\/\/www.facebook.com\/levendulavendeghazlovas\/","article_modified_time":"2019-11-26T22:52:15+00:00","og_image":[{"url":"https:\/\/www.levendula-vendeghaz.hu\/files\/lovas_milleniumi-park_1-1024x263.png","type":"","width":"","height":""}],"twitter_card":"summary_large_image","twitter_misc":{"Est. reading time":"3 minutes"},"schema":{"@context":"https:\/\/schema.org","@graph":[{"@type":"WebPage","@id":"https:\/\/www.levendula-vendeghaz.hu\/en\/lovas-and-the-region\/","url":"https:\/\/www.levendula-vendeghaz.hu\/en\/lovas-and-the-region\/","name":"Lovas And The Region &#187; Levendula Vend\u00e9gh\u00e1z Lovas &#187; Balatoni nyugalom, t\u00f6lt\u0151d\u00e9s","isPartOf":{"@id":"https:\/\/www.levendula-vendeghaz.hu\/en\/#website"},"primaryImageOfPage":{"@id":"https:\/\/www.levendula-vendeghaz.hu\/en\/lovas-and-the-region\/#primaryimage"},"image":{"@id":"https:\/\/www.levendula-vendeghaz.hu\/en\/lovas-and-the-region\/#primaryimage"},"thumbnailUrl":"https:\/\/www.levendula-vendeghaz.hu\/files\/lovas_milleniumi-park_1-1024x263.png","datePublished":"2019-11-10T10:30:04+00:00","dateModified":"2019-11-26T22:52:15+00:00","description":"Vannak otthonok, ahov\u00e1, ha bel\u00e9p az idegen, az a k\u00fcl\u00f6n\u00f6s \u00e9rzete t\u00e1mad, mintha haza\u00e9rkezett volna. \u00d6sszhangban a term\u00e9szettel.","breadcrumb":{"@id":"https:\/\/www.levendula-vendeghaz.hu\/en\/lovas-and-the-region\/#breadcrumb"},"inLanguage":"en-US","potentialAction":[{"@type":"ReadAction","target":["https:\/\/www.levendula-vendeghaz.hu\/en\/lovas-and-the-region\/"]}]},{"@type":"ImageObject","inLanguage":"en-US","@id":"https:\/\/www.levendula-vendeghaz.hu\/en\/lovas-and-the-region\/#primaryimage","url":"https:\/\/www.levendula-vendeghaz.hu\/files\/lovas_milleniumi-park_1-1024x263.png","contentUrl":"https:\/\/www.levendula-vendeghaz.hu\/files\/lovas_milleniumi-park_1-1024x263.png"},{"@type":"BreadcrumbList","@id":"https:\/\/www.levendula-vendeghaz.hu\/en\/lovas-and-the-region\/#breadcrumb","itemListElement":[{"@type":"ListItem","position":1,"name":"Home","item":"https:\/\/www.levendula-vendeghaz.hu\/en\/"},{"@type":"ListItem","position":2,"name":"Lovas And The Region"}]},{"@type":"WebSite","@id":"https:\/\/www.levendula-vendeghaz.hu\/en\/#website","url":"https:\/\/www.levendula-vendeghaz.hu\/en\/","name":"Levendula Vend\u00e9gh\u00e1z Lovas","description":"Vannak otthonok, ahov\u00e1, ha bel\u00e9p az idegen, az a k\u00fcl\u00f6n\u00f6s \u00e9rzete t\u00e1mad, mintha haza\u00e9rkezett volna. \u00d6sszhangban a term\u00e9szettel.","publisher":{"@id":"https:\/\/www.levendula-vendeghaz.hu\/en\/#organization"},"potentialAction":[{"@type":"SearchAction","target":{"@type":"EntryPoint","urlTemplate":"https:\/\/www.levendula-vendeghaz.hu\/en\/?s={search_term_string}"},"query-input":{"@type":"PropertyValueSpecification","valueRequired":true,"valueName":"search_term_string"}}],"inLanguage":"en-US"},{"@type":"Organization","@id":"https:\/\/www.levendula-vendeghaz.hu\/en\/#organization","name":"Levendula Vend\u00e9gh\u00e1z Lovas","url":"https:\/\/www.levendula-vendeghaz.hu\/en\/","logo":{"@type":"ImageObject","inLanguage":"en-US","@id":"https:\/\/www.levendula-vendeghaz.hu\/en\/#\/schema\/logo\/image\/","url":"https:\/\/www.levendula-vendeghaz.hu\/files\/levendula_vendeghaz_logo.png","contentUrl":"https:\/\/www.levendula-vendeghaz.hu\/files\/levendula_vendeghaz_logo.png","width":259,"height":97,"caption":"Levendula Vend\u00e9gh\u00e1z Lovas"},"image":{"@id":"https:\/\/www.levendula-vendeghaz.hu\/en\/#\/schema\/logo\/image\/"},"sameAs":["https:\/\/www.facebook.com\/levendulavendeghazlovas\/","https:\/\/www.instagram.com\/levendulavendeghazlovas\/"]}]}},"_links":{"self":[{"href":"https:\/\/www.levendula-vendeghaz.hu\/en\/wp-json\/wp\/v2\/pages\/558","targetHints":{"allow":["GET"]}}],"collection":[{"href":"https:\/\/www.levendula-vendeghaz.hu\/en\/wp-json\/wp\/v2\/pages"}],"about":[{"href":"https:\/\/www.levendula-vendeghaz.hu\/en\/wp-json\/wp\/v2\/types\/page"}],"author":[{"embeddable":true,"href":"https:\/\/www.levendula-vendeghaz.hu\/en\/wp-json\/wp\/v2\/users\/2"}],"replies":[{"embeddable":true,"href":"https:\/\/www.levendula-vendeghaz.hu\/en\/wp-json\/wp\/v2\/comments?post=558"}],"version-history":[{"count":0,"href":"https:\/\/www.levendula-vendeghaz.hu\/en\/wp-json\/wp\/v2\/pages\/558\/revisions"}],"wp:attachment":[{"href":"https:\/\/www.levendula-vendeghaz.hu\/en\/wp-json\/wp\/v2\/media?parent=558"}],"curies":[{"name":"wp","href":"https:\/\/api.w.org\/{rel}","templated":true}]}}